{"id":2083,"date":"2021-11-21T22:14:03","date_gmt":"2021-11-21T21:14:03","guid":{"rendered":"https:\/\/lesudacheval.fr\/winter-ride-france\/"},"modified":"2025-12-16T16:58:52","modified_gmt":"2025-12-16T15:58:52","slug":"winter-ride-france","status":"publish","type":"page","link":"https:\/\/lesudacheval.fr\/en\/winter-ride-france\/","title":{"rendered":"A 4 day winter ride."},"content":{"rendered":"[et_pb_section fb_built=&#8221;1&#8243; admin_label=&#8221;section&#8221; _builder_version=&#8221;4.16&#8243; custom_padding=&#8221;0px||0px|||&#8221; global_colors_info=&#8221;{}&#8221; theme_builder_area=&#8221;post_content&#8221;][et_pb_row column_structure=&#8221;3_5,2_5&#8243; _builder_version=&#8221;4.16&#8243; _module_preset=&#8221;default&#8221; background_image=&#8221;https:\/\/lesudacheval.fr\/\/wp-content\/uploads\/2021\/01\/cropped-le-sud-a-cheval-photo-une-bandeau-scaled-1.jpg&#8221; width=&#8221;100%&#8221; max_width=&#8221;1247px&#8221; min_height=&#8221;416px&#8221; custom_margin=&#8221;0px||||false|false&#8221; custom_padding=&#8221;11%||||false|false&#8221; global_colors_info=&#8221;{}&#8221; theme_builder_area=&#8221;post_content&#8221;][et_pb_column type=&#8221;3_5&#8243; _builder_version=&#8221;4.16&#8243; _module_preset=&#8221;default&#8221; global_colors_info=&#8221;{}&#8221; theme_builder_area=&#8221;post_content&#8221;][et_pb_text _builder_version=&#8221;4.16&#8243; _module_preset=&#8221;default&#8221; text_text_color=&#8221;#FFFFFF&#8221; text_font_size=&#8221;20px&#8221; text_line_height=&#8221;1.3em&#8221; header_text_color=&#8221;#f49200&#8243; header_font_size=&#8221;27px&#8221; custom_margin=&#8221;-9%||||false|false&#8221; custom_padding=&#8221;0px|||5%|false|false&#8221; global_colors_info=&#8221;{}&#8221; theme_builder_area=&#8221;post_content&#8221;]<h1><span style=\"color: #99cc00;\"><strong><em>Winter treks : Trail riding in winter<\/em><\/strong><\/span><\/h1>\n<span style=\"color: #cc99ff;\"><em>&#8220;Winter in Provence,\ntake the time to enjoy life&#8230;&#8221;<\/em><\/span>[\/et_pb_text][\/et_pb_column][et_pb_column type=&#8221;2_5&#8243; _builder_version=&#8221;4.16&#8243; _module_preset=&#8221;default&#8221; global_colors_info=&#8221;{}&#8221; theme_builder_area=&#8221;post_content&#8221;][\/et_pb_column][\/et_pb_row][et_pb_row _builder_version=&#8221;4.16&#8243; _module_preset=&#8221;default&#8221; min_height=&#8221;113px&#8221; custom_padding=&#8221;3px|||||&#8221; global_colors_info=&#8221;{}&#8221; theme_builder_area=&#8221;post_content&#8221;][et_pb_column type=&#8221;4_4&#8243; _builder_version=&#8221;4.16&#8243; _module_preset=&#8221;default&#8221; global_colors_info=&#8221;{}&#8221; theme_builder_area=&#8221;post_content&#8221;][et_pb_text _builder_version=&#8221;4.16&#8243; _module_preset=&#8221;default&#8221; header_2_font_size=&#8221;30px&#8221; custom_margin=&#8221;20px||||false|false&#8221; custom_padding=&#8221;1px|||||&#8221; global_colors_info=&#8221;{}&#8221; theme_builder_area=&#8221;post_content&#8221;]<h2>A 2 days winter ride: bucolic Provence<\/h2>\n<p>A stay and go trek with different trails every day between the Durance River, scrubland, olive trees and forests.<\/p>\n<h3>Winter in the south of France, a great season for an easy trek<\/h3>\n<p>The Luberon stays green in Winter. The sunlight is soft and the air is fresh without being cold, when the Mistral wind doesn\u2019t clean out the sky and tangle the horses\u2019 manes. But we are pretty protected on the southern slope. All winter long, there are little red balls on wild cynorodhon, and on the end of February almond trees bloom again.<\/p>[\/et_pb_text][\/et_pb_column][\/et_pb_row][et_pb_row column_structure=&#8221;3_5,2_5&#8243; _builder_version=&#8221;4.16&#8243; _module_preset=&#8221;default&#8221; background_color=&#8221;#0DA0C5&#8243; width=&#8221;100%&#8221; max_width=&#8221;1278px&#8221; global_colors_info=&#8221;{}&#8221; theme_builder_area=&#8221;post_content&#8221;][et_pb_column type=&#8221;3_5&#8243; _builder_version=&#8221;4.16&#8243; _module_preset=&#8221;default&#8221; global_colors_info=&#8221;{}&#8221; theme_builder_area=&#8221;post_content&#8221;][et_pb_image src=&#8221;https:\/\/lesudacheval.fr\/\/wp-content\/uploads\/2022\/02\/photo-Celon-0321a.jpg&#8221; alt=&#8221;3 jours de rando hiver sud de la France&#8221; title_text=&#8221;cheval-hiver-provence&#8221; align=&#8221;center&#8221; _builder_version=&#8221;4.17.6&#8243; _module_preset=&#8221;default&#8221; min_height=&#8221;100px&#8221; custom_padding=&#8221;0px|14px|2px|25px|false|false&#8221; global_colors_info=&#8221;{}&#8221; theme_builder_area=&#8221;post_content&#8221;][\/et_pb_image][\/et_pb_column][et_pb_column type=&#8221;2_5&#8243; _builder_version=&#8221;4.16&#8243; _module_preset=&#8221;default&#8221; global_colors_info=&#8221;{}&#8221; theme_builder_area=&#8221;post_content&#8221;][et_pb_text _builder_version=&#8221;4.17.6&#8243; _module_preset=&#8221;default&#8221; text_line_height=&#8221;1.4em&#8221; header_font_size=&#8221;1px&#8221; text_orientation=&#8221;justified&#8221; width_tablet=&#8221;&#8221; width_phone=&#8221;&#8221; width_last_edited=&#8221;on|phone&#8221; max_width_tablet=&#8221;&#8221; max_width_phone=&#8221;&#8221; max_width_last_edited=&#8221;on|phone&#8221; custom_margin=&#8221;100px||||false|false&#8221; custom_margin_last_edited=&#8221;off|phone&#8221; custom_padding=&#8221;|5px||5px|false|false&#8221; global_colors_info=&#8221;{}&#8221; theme_builder_area=&#8221;post_content&#8221;]<p><strong><\/strong><span style=\"color: #ffffff;\">A 2 day trek with our valiant little Camargue horses.<\/span><\/p>\n<p><span style=\"color: #ffffff;\">The atmosphere is warm, Isa will be doing the cooking, provencal meals, wines, local drinks\u2026 You will stay in a friendly lodge, a little provencal \u201cmas\u201d, heated by a wood stove, right next to the horses at the foot of the Little Luberon.<\/span><\/p>\n<p><span style=\"color: #ffffff;\">\u00a0<\/span><\/p>\n<p><span style=\"color: #ffffff;\"><strong>The number of riders is limited to 4<\/strong><\/span><\/p>[\/et_pb_text][\/et_pb_column][\/et_pb_row][et_pb_row column_structure=&#8221;3_5,2_5&#8243; admin_label=&#8221;row&#8221; _builder_version=&#8221;4.16&#8243; background_size=&#8221;initial&#8221; background_position=&#8221;top_left&#8221; background_repeat=&#8221;repeat&#8221; global_colors_info=&#8221;{}&#8221; theme_builder_area=&#8221;post_content&#8221;][et_pb_column type=&#8221;3_5&#8243; _builder_version=&#8221;4.16&#8243; custom_padding=&#8221;|||&#8221; global_colors_info=&#8221;{}&#8221; custom_padding__hover=&#8221;|||&#8221; theme_builder_area=&#8221;post_content&#8221;][et_pb_text admin_label=&#8221;Text&#8221; _builder_version=&#8221;4.17.6&#8243; background_size=&#8221;initial&#8221; background_position=&#8221;top_left&#8221; background_repeat=&#8221;repeat&#8221; custom_margin=&#8221;6%||||false|false&#8221; hover_enabled=&#8221;0&#8243; global_colors_info=&#8221;{}&#8221; theme_builder_area=&#8221;post_content&#8221; sticky_enabled=&#8221;0&#8243;]<p><\/p>\n<h2>\u00a02026 departures<\/h2>\n<p><a href=\"https:\/\/lesudacheval.fr\/en\/iinfo-horse-trekking-luberon-france\/dates-randos\/\">calendar<\/a><\/p>\n<p><span class=\"has-inline-color has-vivid-purple-color\" style=\"color: #000000;\">All departures are assured<\/span><\/p>\n<h3><span class=\"has-inline-color has-vivid-purple-color\">Prices<\/span><\/h3>\n<ul>\n<li>2 days on horseback, 1 night with full pension : 375 \u20ac<\/li>\n<li>Half pension the night before the departure : contact us<\/li>\n<\/ul>\n<p>&nbsp;<\/p>\n<p><em>Our prices include the horse, its equipment, the guide, lodging, evening meals and midday picnics<\/em><\/p>\n<p><em><a href=\"https:\/\/lesudacheval.fr\/en\/reservation-horse-trekking-horseback\/\">Contact Us<\/a><\/em><\/p>\n<p><!-- \/wp:post-content --><\/p>[\/et_pb_text][\/et_pb_column][et_pb_column type=&#8221;2_5&#8243; _builder_version=&#8221;4.16&#8243; custom_padding=&#8221;|||&#8221; global_colors_info=&#8221;{}&#8221; custom_padding__hover=&#8221;|||&#8221; theme_builder_area=&#8221;post_content&#8221;][et_pb_image src=&#8221;https:\/\/lesudacheval.fr\/\/wp-content\/uploads\/2022\/02\/regard-vers-nous-1.jpg&#8221; title_text=&#8221;cheval-winter&#8221; align=&#8221;right&#8221; disabled_on=&#8221;on|off|off&#8221; _builder_version=&#8221;4.16&#8243; _module_preset=&#8221;default&#8221; max_height=&#8221;520px&#8221; global_colors_info=&#8221;{}&#8221; theme_builder_area=&#8221;post_content&#8221;][\/et_pb_image][\/et_pb_column][\/et_pb_row][et_pb_row column_structure=&#8221;1_3,1_3,1_3&#8243; _builder_version=&#8221;4.16&#8243; _module_preset=&#8221;default&#8221; global_colors_info=&#8221;{}&#8221; theme_builder_area=&#8221;post_content&#8221;][et_pb_column type=&#8221;1_3&#8243; _builder_version=&#8221;4.16&#8243; _module_preset=&#8221;default&#8221; global_colors_info=&#8221;{}&#8221; theme_builder_area=&#8221;post_content&#8221;][et_pb_image src=&#8221;https:\/\/lesudacheval.fr\/\/wp-content\/uploads\/2021\/11\/image00016.jpg&#8221; alt=&#8221;Winter trail in Luberon&#8221; title_text=&#8221;trail-ride-winter-friendly&#8221; _builder_version=&#8221;4.16&#8243; _module_preset=&#8221;default&#8221; global_colors_info=&#8221;{}&#8221; theme_builder_area=&#8221;post_content&#8221;][\/et_pb_image][\/et_pb_column][et_pb_column type=&#8221;1_3&#8243; _builder_version=&#8221;4.16&#8243; _module_preset=&#8221;default&#8221; global_colors_info=&#8221;{}&#8221; theme_builder_area=&#8221;post_content&#8221;][et_pb_image src=&#8221;https:\/\/lesudacheval.fr\/\/wp-content\/uploads\/2022\/02\/IMG_3466.jpg&#8221; alt=&#8221;le Sud \u00e0 cheval&#8221; title_text=&#8221;rando-cheval-hiver-conviviale&#8221; disabled_on=&#8221;on|off|off&#8221; _builder_version=&#8221;4.16&#8243; _module_preset=&#8221;default&#8221; global_colors_info=&#8221;{}&#8221; theme_builder_area=&#8221;post_content&#8221;][\/et_pb_image][\/et_pb_column][et_pb_column type=&#8221;1_3&#8243; _builder_version=&#8221;4.16&#8243; _module_preset=&#8221;default&#8221; global_colors_info=&#8221;{}&#8221; theme_builder_area=&#8221;post_content&#8221;][et_pb_image src=&#8221;https:\/\/lesudacheval.fr\/\/wp-content\/uploads\/2021\/11\/DSCN2877-2.jpg&#8221; alt=&#8221;Trail riding Durance&#8221; title_text=&#8221;DSCN2877&#8243; _builder_version=&#8221;4.16&#8243; _module_preset=&#8221;default&#8221; global_colors_info=&#8221;{}&#8221; theme_builder_area=&#8221;post_content&#8221;][\/et_pb_image][\/et_pb_column][\/et_pb_row][et_pb_row column_structure=&#8221;1_2,1_2&#8243; _builder_version=&#8221;4.16&#8243; _module_preset=&#8221;default&#8221; background_color=&#8221;rgba(81,0,99,0.73)&#8221; width=&#8221;100%&#8221; max_width=&#8221;1468px&#8221; custom_margin=&#8221;0px|0px|0px|0px|false|true&#8221; custom_padding=&#8221;0px|0px|0px|0px|true|true&#8221; border_color_all=&#8221;#000000&#8243; border_width_top=&#8221;1px&#8221; global_colors_info=&#8221;{}&#8221; theme_builder_area=&#8221;post_content&#8221;][et_pb_column type=&#8221;1_2&#8243; _builder_version=&#8221;4.16&#8243; _module_preset=&#8221;default&#8221; global_colors_info=&#8221;{}&#8221; theme_builder_area=&#8221;post_content&#8221;][et_pb_text _builder_version=&#8221;4.16&#8243; _module_preset=&#8221;default&#8221; text_text_color=&#8221;#FFFFFF&#8221; text_font_size=&#8221;17px&#8221; header_3_text_color=&#8221;#FFFFFF&#8221; header_3_font_size=&#8221;21px&#8221; custom_padding=&#8221;4%||4%|10%|false|false&#8221; global_colors_info=&#8221;{}&#8221; theme_builder_area=&#8221;post_content&#8221;]<p><a href=\"https:\/\/lesudacheval.fr\/en\/reservation-horse-trekking-horseback\/\" style=\"font-size: 21px; color: #ffffff !important;\"><img loading=\"lazy\" decoding=\"async\" src=\"https:\/\/lesudacheval.fr\/\/wp-content\/uploads\/2021\/05\/fleche_RESA.png\" width=\"73\" height=\"93\" alt=\"BOOKING A HIKE\" class=\"wp-image-873 alignnone size-full\" style=\"float: left;\">To register for this horseback ride:<\/a><br><a href=\"https:\/\/lesudacheval.fr\/en\/reservation-horse-trekking-horseback\/\" style=\"color: #fff!important;\">By email or telephone to Isabelle and Didier M\u00e9jard <\/a><\/p>[\/et_pb_text][\/et_pb_column][et_pb_column type=&#8221;1_2&#8243; _builder_version=&#8221;4.16&#8243; _module_preset=&#8221;default&#8221; global_colors_info=&#8221;{}&#8221; theme_builder_area=&#8221;post_content&#8221;][et_pb_text _builder_version=&#8221;4.16&#8243; _module_preset=&#8221;default&#8221; custom_padding=&#8221;3%||||false|false&#8221; global_colors_info=&#8221;{}&#8221; theme_builder_area=&#8221;post_content&#8221;]<p style=\"text-align: center;\"><a href=\"https:\/\/lesudacheval.fr\/en\/horse-trekking-provence-france\/\" title=\"HORSEBACK RIDES PROVENCE LUBERON\"><strong><span style=\"color: #ffffff;\">SEE ALL OTHER HORSEBACK RIDES <\/span><\/strong><br>\n<img loading=\"lazy\" decoding=\"async\" src=\"https:\/\/lesudacheval.fr\/\/wp-content\/uploads\/2021\/05\/fleche-rando-jaune.png\" width=\"230\" height=\"50\" alt=\"See the other hikes\" class=\"wp-image-868 alignnone size-full\" style=\"margin-top: -2%; margin-right:5px;float: right;\"><\/a><\/p>[\/et_pb_text][\/et_pb_column][\/et_pb_row][\/et_pb_section]<!-- \/wp:freeform -->","protected":false},"excerpt":{"rendered":"<p>Winter treks : Trail riding in winter &#8220;Winter in Provence, take the time to enjoy life&#8230;&#8221;A 2 days winter ride: bucolic Provence A stay and go trek with different trails every day between the Durance River, scrubland, olive trees and forests. Winter in the south of France, a great season for an easy trek The [&hellip;]<\/p>\n","protected":false},"author":1,"featured_media":2214,"parent":0,"menu_order":0,"comment_status":"closed","ping_status":"closed","template":"","meta":{"_et_pb_use_builder":"on","_et_pb_old_content":"","_et_gb_content_width":"","footnotes":""},"class_list":["post-2083","page","type-page","status-publish","has-post-thumbnail","hentry"],"yoast_head":"<!-- This site is optimized with the Yoast SEO plugin v18.1 - https:\/\/yoast.com\/wordpress\/plugins\/seo\/ -->\n<title>Trail riding in winter | Trail riding in winter France | Provence<\/title>\n<meta name=\"description\" content=\"Le Sud \u00e0 Cheval, A 4 day winter ride. A stay and go winter trek from Lauris, Luberon, Provence, France | Trail riding near Marseille 1H - Aix en Provence - Regional parc of luberon\" \/>\n<meta name=\"robots\" content=\"index, follow, max-snippet:-1, max-image-preview:large, max-video-preview:-1\" \/>\n<link rel=\"canonical\" href=\"https:\/\/lesudacheval.fr\/en\/winter-ride-france\/\" \/>\n<meta property=\"og:locale\" content=\"en_GB\" \/>\n<meta property=\"og:type\" content=\"article\" \/>\n<meta property=\"og:title\" content=\"Trail riding in winter | Trail riding in winter France | Provence\" \/>\n<meta property=\"og:description\" content=\"Le Sud \u00e0 Cheval, A 4 day winter ride. A stay and go winter trek from Lauris, Luberon, Provence, France | Trail riding near Marseille 1H - Aix en Provence - Regional parc of luberon\" \/>\n<meta property=\"og:url\" content=\"https:\/\/lesudacheval.fr\/en\/winter-ride-france\/\" \/>\n<meta property=\"og:site_name\" content=\"Le Sud \u00e0 Cheval\" \/>\n<meta property=\"article:modified_time\" content=\"2025-12-16T15:58:52+00:00\" \/>\n<meta property=\"og:image\" content=\"https:\/\/lesudacheval.fr\/wp-content\/uploads\/2022\/12\/bandeau-hiver.jpg\" \/>\n\t<meta property=\"og:image:width\" content=\"1200\" \/>\n\t<meta property=\"og:image:height\" content=\"463\" \/>\n\t<meta property=\"og:image:type\" content=\"image\/jpeg\" \/>\n<meta name=\"twitter:card\" content=\"summary_large_image\" \/>\n<script type=\"application\/ld+json\" class=\"yoast-schema-graph\">{\"@context\":\"https:\/\/schema.org\",\"@graph\":[{\"@type\":\"Organization\",\"@id\":\"https:\/\/lesudacheval.fr\/en\/#organization\",\"name\":\"Le sud \u00e0 cheval\",\"url\":\"https:\/\/lesudacheval.fr\/en\/\",\"sameAs\":[],\"logo\":{\"@type\":\"ImageObject\",\"@id\":\"https:\/\/lesudacheval.fr\/en\/#logo\",\"inLanguage\":\"en-GB\",\"url\":\"https:\/\/lesudacheval.fr\/\/wp-content\/uploads\/2021\/03\/logo-Le-Sud-A-Cheval-copie-2.jpg\",\"contentUrl\":\"https:\/\/lesudacheval.fr\/\/wp-content\/uploads\/2021\/03\/logo-Le-Sud-A-Cheval-copie-2.jpg\",\"width\":200,\"height\":209,\"caption\":\"Le sud \u00e0 cheval\"},\"image\":{\"@id\":\"https:\/\/lesudacheval.fr\/en\/#logo\"}},{\"@type\":\"WebSite\",\"@id\":\"https:\/\/lesudacheval.fr\/en\/#website\",\"url\":\"https:\/\/lesudacheval.fr\/en\/\",\"name\":\"Le Sud \u00e0 Cheval\",\"description\":\"Votre randonn\u00e9e \u00e0 cheval Luberon Provence\",\"publisher\":{\"@id\":\"https:\/\/lesudacheval.fr\/en\/#organization\"},\"potentialAction\":[{\"@type\":\"SearchAction\",\"target\":{\"@type\":\"EntryPoint\",\"urlTemplate\":\"https:\/\/lesudacheval.fr\/en\/?s={search_term_string}\"},\"query-input\":\"required name=search_term_string\"}],\"inLanguage\":\"en-GB\"},{\"@type\":\"ImageObject\",\"@id\":\"https:\/\/lesudacheval.fr\/en\/winter-ride-france\/#primaryimage\",\"inLanguage\":\"en-GB\",\"url\":\"https:\/\/lesudacheval.fr\/wp-content\/uploads\/2022\/12\/bandeau-hiver.jpg\",\"contentUrl\":\"https:\/\/lesudacheval.fr\/wp-content\/uploads\/2022\/12\/bandeau-hiver.jpg\",\"width\":1200,\"height\":463},{\"@type\":\"WebPage\",\"@id\":\"https:\/\/lesudacheval.fr\/en\/winter-ride-france\/#webpage\",\"url\":\"https:\/\/lesudacheval.fr\/en\/winter-ride-france\/\",\"name\":\"Trail riding in winter | Trail riding in winter France | Provence\",\"isPartOf\":{\"@id\":\"https:\/\/lesudacheval.fr\/en\/#website\"},\"primaryImageOfPage\":{\"@id\":\"https:\/\/lesudacheval.fr\/en\/winter-ride-france\/#primaryimage\"},\"datePublished\":\"2021-11-21T21:14:03+00:00\",\"dateModified\":\"2025-12-16T15:58:52+00:00\",\"description\":\"Le Sud \u00e0 Cheval, A 4 day winter ride. A stay and go winter trek from Lauris, Luberon, Provence, France | Trail riding near Marseille 1H - Aix en Provence - Regional parc of luberon\",\"breadcrumb\":{\"@id\":\"https:\/\/lesudacheval.fr\/en\/winter-ride-france\/#breadcrumb\"},\"inLanguage\":\"en-GB\",\"potentialAction\":[{\"@type\":\"ReadAction\",\"target\":[\"https:\/\/lesudacheval.fr\/en\/winter-ride-france\/\"]}]},{\"@type\":\"BreadcrumbList\",\"@id\":\"https:\/\/lesudacheval.fr\/en\/winter-ride-france\/#breadcrumb\",\"itemListElement\":[{\"@type\":\"ListItem\",\"position\":1,\"name\":\"Accueil\",\"item\":\"https:\/\/lesudacheval.fr\/en\/\"},{\"@type\":\"ListItem\",\"position\":2,\"name\":\"A 4 day winter ride.\"}]}]}<\/script>\n<!-- \/ Yoast SEO plugin. -->","yoast_head_json":{"title":"Trail riding in winter | Trail riding in winter France | Provence","description":"Le Sud \u00e0 Cheval, A 4 day winter ride. A stay and go winter trek from Lauris, Luberon, Provence, France | Trail riding near Marseille 1H - Aix en Provence - Regional parc of luberon","robots":{"index":"index","follow":"follow","max-snippet":"max-snippet:-1","max-image-preview":"max-image-preview:large","max-video-preview":"max-video-preview:-1"},"canonical":"https:\/\/lesudacheval.fr\/en\/winter-ride-france\/","og_locale":"en_GB","og_type":"article","og_title":"Trail riding in winter | Trail riding in winter France | Provence","og_description":"Le Sud \u00e0 Cheval, A 4 day winter ride. A stay and go winter trek from Lauris, Luberon, Provence, France | Trail riding near Marseille 1H - Aix en Provence - Regional parc of luberon","og_url":"https:\/\/lesudacheval.fr\/en\/winter-ride-france\/","og_site_name":"Le Sud \u00e0 Cheval","article_modified_time":"2025-12-16T15:58:52+00:00","og_image":[{"width":1200,"height":463,"url":"https:\/\/lesudacheval.fr\/wp-content\/uploads\/2022\/12\/bandeau-hiver.jpg","type":"image\/jpeg"}],"twitter_card":"summary_large_image","schema":{"@context":"https:\/\/schema.org","@graph":[{"@type":"Organization","@id":"https:\/\/lesudacheval.fr\/en\/#organization","name":"Le sud \u00e0 cheval","url":"https:\/\/lesudacheval.fr\/en\/","sameAs":[],"logo":{"@type":"ImageObject","@id":"https:\/\/lesudacheval.fr\/en\/#logo","inLanguage":"en-GB","url":"https:\/\/lesudacheval.fr\/\/wp-content\/uploads\/2021\/03\/logo-Le-Sud-A-Cheval-copie-2.jpg","contentUrl":"https:\/\/lesudacheval.fr\/\/wp-content\/uploads\/2021\/03\/logo-Le-Sud-A-Cheval-copie-2.jpg","width":200,"height":209,"caption":"Le sud \u00e0 cheval"},"image":{"@id":"https:\/\/lesudacheval.fr\/en\/#logo"}},{"@type":"WebSite","@id":"https:\/\/lesudacheval.fr\/en\/#website","url":"https:\/\/lesudacheval.fr\/en\/","name":"Le Sud \u00e0 Cheval","description":"Votre randonn\u00e9e \u00e0 cheval Luberon Provence","publisher":{"@id":"https:\/\/lesudacheval.fr\/en\/#organization"},"potentialAction":[{"@type":"SearchAction","target":{"@type":"EntryPoint","urlTemplate":"https:\/\/lesudacheval.fr\/en\/?s={search_term_string}"},"query-input":"required name=search_term_string"}],"inLanguage":"en-GB"},{"@type":"ImageObject","@id":"https:\/\/lesudacheval.fr\/en\/winter-ride-france\/#primaryimage","inLanguage":"en-GB","url":"https:\/\/lesudacheval.fr\/wp-content\/uploads\/2022\/12\/bandeau-hiver.jpg","contentUrl":"https:\/\/lesudacheval.fr\/wp-content\/uploads\/2022\/12\/bandeau-hiver.jpg","width":1200,"height":463},{"@type":"WebPage","@id":"https:\/\/lesudacheval.fr\/en\/winter-ride-france\/#webpage","url":"https:\/\/lesudacheval.fr\/en\/winter-ride-france\/","name":"Trail riding in winter | Trail riding in winter France | Provence","isPartOf":{"@id":"https:\/\/lesudacheval.fr\/en\/#website"},"primaryImageOfPage":{"@id":"https:\/\/lesudacheval.fr\/en\/winter-ride-france\/#primaryimage"},"datePublished":"2021-11-21T21:14:03+00:00","dateModified":"2025-12-16T15:58:52+00:00","description":"Le Sud \u00e0 Cheval, A 4 day winter ride. A stay and go winter trek from Lauris, Luberon, Provence, France | Trail riding near Marseille 1H - Aix en Provence - Regional parc of luberon","breadcrumb":{"@id":"https:\/\/lesudacheval.fr\/en\/winter-ride-france\/#breadcrumb"},"inLanguage":"en-GB","potentialAction":[{"@type":"ReadAction","target":["https:\/\/lesudacheval.fr\/en\/winter-ride-france\/"]}]},{"@type":"BreadcrumbList","@id":"https:\/\/lesudacheval.fr\/en\/winter-ride-france\/#breadcrumb","itemListElement":[{"@type":"ListItem","position":1,"name":"Accueil","item":"https:\/\/lesudacheval.fr\/en\/"},{"@type":"ListItem","position":2,"name":"A 4 day winter ride."}]}]}},"_links":{"self":[{"href":"https:\/\/lesudacheval.fr\/en\/wp-json\/wp\/v2\/pages\/2083","targetHints":{"allow":["GET"]}}],"collection":[{"href":"https:\/\/lesudacheval.fr\/en\/wp-json\/wp\/v2\/pages"}],"about":[{"href":"https:\/\/lesudacheval.fr\/en\/wp-json\/wp\/v2\/types\/page"}],"author":[{"embeddable":true,"href":"https:\/\/lesudacheval.fr\/en\/wp-json\/wp\/v2\/users\/1"}],"replies":[{"embeddable":true,"href":"https:\/\/lesudacheval.fr\/en\/wp-json\/wp\/v2\/comments?post=2083"}],"version-history":[{"count":9,"href":"https:\/\/lesudacheval.fr\/en\/wp-json\/wp\/v2\/pages\/2083\/revisions"}],"predecessor-version":[{"id":2755,"href":"https:\/\/lesudacheval.fr\/en\/wp-json\/wp\/v2\/pages\/2083\/revisions\/2755"}],"wp:featuredmedia":[{"embeddable":true,"href":"https:\/\/lesudacheval.fr\/en\/wp-json\/wp\/v2\/media\/2214"}],"wp:attachment":[{"href":"https:\/\/lesudacheval.fr\/en\/wp-json\/wp\/v2\/media?parent=2083"}],"curies":[{"name":"wp","href":"https:\/\/api.w.org\/{rel}","templated":true}]}}